{"id":4472,"date":"2023-12-11T17:19:02","date_gmt":"2023-12-11T16:19:02","guid":{"rendered":"https:\/\/www.lamaisonfives.com\/la-maison-folia-het-gastenhuis-in-normandie\/"},"modified":"2025-06-12T10:27:27","modified_gmt":"2025-06-12T08:27:27","slug":"la-maison-folia-het-gastenhuis-in-normandie","status":"publish","type":"page","link":"https:\/\/www.lamaisonfives.com\/nl\/la-maison-folia-het-gastenhuis-in-normandie\/","title":{"rendered":"LA MAISON FOLIA &#8211; Het Gastenhuis in Normandi\u00eb"},"content":{"rendered":"<p>[et_pb_section fb_built=&#8221;1&#8243; admin_label=&#8221;section&#8221; _builder_version=&#8221;4.23.1&#8243; use_background_color_gradient=&#8221;on&#8221; background_color_gradient_stops=&#8221;rgba(102,98,76,0.19) 0%|rgba(40,37,20,0.22) 100%&#8221; background_color_gradient_overlays_image=&#8221;on&#8221; background_image=&#8221;https:\/\/www.lamaisonfives.com\/wp-content\/uploads\/2024\/05\/20240514_131922-EDIT.webp&#8221; min_height=&#8221;553px&#8221; custom_padding=&#8221;140px||||false|false&#8221; global_colors_info=&#8221;{}&#8221;][et_pb_row _builder_version=&#8221;4.23.1&#8243; _module_preset=&#8221;default&#8221; module_alignment=&#8221;center&#8221; custom_margin=&#8221;||||false|false&#8221; global_colors_info=&#8221;{}&#8221;][et_pb_column type=&#8221;4_4&#8243; _builder_version=&#8221;4.23.1&#8243; _module_preset=&#8221;default&#8221; global_colors_info=&#8221;{}&#8221;][et_pb_text _builder_version=&#8221;4.23.1&#8243; _module_preset=&#8221;default&#8221; text_font=&#8221;Montserrat|600|||||||&#8221; text_text_color=&#8221;#FFFFFF&#8221; text_font_size=&#8221;70px&#8221; text_line_height=&#8221;1em&#8221; header_font=&#8221;Aboreto||||||||&#8221; header_text_align=&#8221;center&#8221; header_text_color=&#8221;#FFFFFF&#8221; text_orientation=&#8221;center&#8221; custom_margin=&#8221;0px||0px||true|false&#8221; custom_padding=&#8221;7px||7px||true|false&#8221; text_font_size_tablet=&#8221;70px&#8221; text_font_size_phone=&#8221;57px&#8221; text_font_size_last_edited=&#8221;on|phone&#8221; text_text_shadow_style=&#8221;preset3&#8243; inline_fonts=&#8221;ABeeZee&#8221; global_colors_info=&#8221;{}&#8221;]<\/p>\n<p>( La Maison Folia )<\/p>\n<p>[\/et_pb_text][et_pb_text _builder_version=&#8221;4.23.1&#8243; _module_preset=&#8221;default&#8221; text_font=&#8221;Montserrat|500|||||||&#8221; text_text_color=&#8221;#FFFFFF&#8221; text_font_size=&#8221;28px&#8221; header_text_align=&#8221;center&#8221; header_text_color=&#8221;#FFFFFF&#8221; background_color=&#8221;RGBA(255,255,255,0)&#8221; text_orientation=&#8221;center&#8221; custom_margin=&#8221;18px||||false|false&#8221; text_font_size_tablet=&#8221;28px&#8221; text_font_size_phone=&#8221;19px&#8221; text_font_size_last_edited=&#8221;on|phone&#8221; global_colors_info=&#8221;{}&#8221;]<\/p>\n<p><b>&#8211; Vakantiehuisjes en Gastenkamers &#8211;<\/b><\/p>\n<p>[\/et_pb_text][et_pb_button button_url=&#8221;@ET-DC@eyJkeW5hbWljIjp0cnVlLCJjb250ZW50IjoicG9zdF9saW5rX3VybF9wYWdlIiwic2V0dGluZ3MiOnsicG9zdF9pZCI6IjMxNSJ9fQ==@&#8221; button_text=&#8221;La Maison Folia wordt La Maison Fives&#8221; button_alignment=&#8221;center&#8221; _builder_version=&#8221;4.23.1&#8243; _dynamic_attributes=&#8221;button_url&#8221; _module_preset=&#8221;default&#8221; custom_button=&#8221;on&#8221; button_text_color=&#8221;#0a0000&#8243; button_bg_color=&#8221;#fffa00&#8243; button_border_width=&#8221;0px&#8221; button_font=&#8221;|700|||||||&#8221; button_use_icon=&#8221;off&#8221; custom_margin=&#8221;||30px|||&#8221; global_colors_info=&#8221;{}&#8221;][\/et_pb_button][\/et_pb_column][\/et_pb_row][\/et_pb_section][et_pb_section fb_built=&#8221;1&#8243; _builder_version=&#8221;4.23.1&#8243; _module_preset=&#8221;default&#8221; background_color=&#8221;#f7f7f7&#8243; custom_padding=&#8221;18px||21px|||&#8221; global_colors_info=&#8221;{}&#8221;][et_pb_row column_structure=&#8221;1_2,1_2&#8243; _builder_version=&#8221;4.23.1&#8243; _module_preset=&#8221;default&#8221; width=&#8221;80.1%&#8221; max_width=&#8221;801px&#8221; custom_padding=&#8221;||11px|||&#8221; global_colors_info=&#8221;{}&#8221;][et_pb_column type=&#8221;1_2&#8243; _builder_version=&#8221;4.23.1&#8243; _module_preset=&#8221;default&#8221; link_option_url=&#8221;#reserver&#8221; global_colors_info=&#8221;{}&#8221;][et_pb_image src=&#8221;https:\/\/www.lamaisonfives.com\/wp-content\/uploads\/2023\/12\/Maison-dhotes1.webp&#8221; title_text=&#8221;Gastenhuis1&#8243; _builder_version=&#8221;4.23.1&#8243; _module_preset=&#8221;default&#8221; global_colors_info=&#8221;{}&#8221;][\/et_pb_image][et_pb_text _builder_version=&#8221;4.23.1&#8243; _module_preset=&#8221;default&#8221; text_font=&#8221;|700|||||||&#8221; text_text_color=&#8221;#0a0a0a&#8221; text_font_size=&#8221;22px&#8221; text_orientation=&#8221;center&#8221; global_colors_info=&#8221;{}&#8221;]Welkom bij La Maison[\/et_pb_text][et_pb_text _builder_version=&#8221;4.23.1&#8243; _module_preset=&#8221;default&#8221; text_text_color=&#8221;#0a0a0a&#8221; text_orientation=&#8221;justified&#8221; custom_padding=&#8221;0px|||||&#8221; global_colors_info=&#8221;{}&#8221;]<\/p>\n<p class=\"p1\">In een typisch mooi huis uit Coutances word je ontvangen in een comfortabele gastenkamer met een eigentijds design voor een verblijf tussen land en zee.<\/p>\n<p class=\"p1\">Als je op zoek bent naar meer onafhankelijkheid, kan ons huis ook gehuurd worden als vakantiehuis, met alle comfort en ruimte die nodig is voor een groepsvakantie.<\/p>\n<p class=\"p2\">\n<p class=\"p1\">Soula en Benoit staan voor je klaar met goede adviezen en kunnen je informeren om van je verblijf een op maat gemaakte Normandische ervaring te maken.<\/p>\n<p>[\/et_pb_text][\/et_pb_column][et_pb_column type=&#8221;1_2&#8243; _builder_version=&#8221;4.23.1&#8243; _module_preset=&#8221;default&#8221; link_option_url=&#8221;#visiter&#8221; global_colors_info=&#8221;{}&#8221;][et_pb_image src=&#8221;https:\/\/www.lamaisonfives.com\/wp-content\/uploads\/2023\/12\/Maison-dhotes2.webp&#8221; title_text=&#8221;Gastenhuis2&#8243; _builder_version=&#8221;4.23.1&#8243; _module_preset=&#8221;default&#8221; global_colors_info=&#8221;{}&#8221;][\/et_pb_image][et_pb_text _builder_version=&#8221;4.23.1&#8243; _module_preset=&#8221;default&#8221; text_font=&#8221;|700|||||||&#8221; text_text_color=&#8221;#0a0a0a&#8221; text_font_size=&#8221;22px&#8221; text_orientation=&#8221;center&#8221; global_colors_info=&#8221;{}&#8221;]<\/p>\n<p>Ontdek de omgeving<\/p>\n<p>[\/et_pb_text][et_pb_text _builder_version=&#8221;4.23.1&#8243; _module_preset=&#8221;default&#8221; text_text_color=&#8221;#0a0a0a&#8221; text_orientation=&#8221;justified&#8221; custom_padding=&#8221;||4px|||&#8221; global_colors_info=&#8221;{}&#8221;]<\/p>\n<p class=\"p1\">La Maison Folia ligt op 10 minuten van de grote stranden en op een paar kilometer van de belangrijkste Normandische bestemmingen zoals Mont St-Michel, de landingsstranden en de Chausey-eilanden, en heeft een uitstekende ligging. Het biedt je een veelheid aan activiteiten: <\/p>\n<p class=\"p3\"><span class=\"Apple-tab-span\"> <\/span>\u2022<span class=\"Apple-tab-span\"> <\/span><b>In de buurt<\/b>: Ontdek het dorpje Regneville-sur-Mer, de vissershaven van Granville, de punt van Agon of de Chausey-eilanden.<\/p>\n<p class=\"p3\"><span class=\"Apple-tab-span\"> <\/span>\u2022<span class=\"Apple-tab-span\"> <\/span><b>Iets verder weg<\/b>: Verken de vuurtoren van Barneville-Carteret, de Nez de Jobourg, het eiland Tatihou of de klokken van Villedieu-les-Po\u00eales.<\/p>\n<p>[\/et_pb_text][\/et_pb_column][\/et_pb_row][et_pb_row column_structure=&#8221;1_2,1_2&#8243; _builder_version=&#8221;4.23.1&#8243; _module_preset=&#8221;default&#8221; max_width=&#8221;800px&#8221; global_colors_info=&#8221;{}&#8221;][et_pb_column type=&#8221;1_2&#8243; _builder_version=&#8221;4.23.1&#8243; _module_preset=&#8221;default&#8221; global_colors_info=&#8221;{}&#8221;][et_pb_button button_url=&#8221;https:\/\/tinyurl.com\/2auhunkm&#8221; button_text=&#8221;Reserveren&#8221; button_alignment=&#8221;center&#8221; _builder_version=&#8221;4.23.1&#8243; _module_preset=&#8221;default&#8221; custom_button=&#8221;on&#8221; button_text_color=&#8221;#0a0000&#8243; button_bg_color=&#8221;#fffa00&#8243; button_border_width=&#8221;0px&#8221; button_font=&#8221;|700|||||||&#8221; button_use_icon=&#8221;off&#8221; custom_margin=&#8221;||30px|||&#8221; global_colors_info=&#8221;{}&#8221;][\/et_pb_button][\/et_pb_column][et_pb_column type=&#8221;1_2&#8243; _builder_version=&#8221;4.23.1&#8243; _module_preset=&#8221;default&#8221; global_colors_info=&#8221;{}&#8221;][et_pb_button button_url=&#8221;#visiter&#8221; button_text=&#8221;Ontdekken&#8221; button_alignment=&#8221;center&#8221; _builder_version=&#8221;4.23.1&#8243; _module_preset=&#8221;default&#8221; custom_button=&#8221;on&#8221; button_text_color=&#8221;#0a0000&#8243; button_bg_color=&#8221;#fffa00&#8243; button_border_width=&#8221;0px&#8221; button_font=&#8221;|700|||||||&#8221; button_use_icon=&#8221;off&#8221; custom_margin=&#8221;||30px|||&#8221; global_colors_info=&#8221;{}&#8221;][\/et_pb_button][\/et_pb_column][\/et_pb_row][\/et_pb_section][et_pb_section fb_built=&#8221;1&#8243; _builder_version=&#8221;4.23.1&#8243; _module_preset=&#8221;default&#8221; background_color=&#8221;#1e1e1e&#8221; custom_padding=&#8221;58px||63px|||&#8221; global_colors_info=&#8221;{}&#8221;][et_pb_row _builder_version=&#8221;4.23.1&#8243; _module_preset=&#8221;default&#8221; global_colors_info=&#8221;{}&#8221;][et_pb_column type=&#8221;4_4&#8243; _builder_version=&#8221;4.23.1&#8243; _module_preset=&#8221;default&#8221; global_colors_info=&#8221;{}&#8221;][et_pb_text _builder_version=&#8221;4.23.1&#8243; _module_preset=&#8221;default&#8221; text_font=&#8221;|600|||||||&#8221; text_text_color=&#8221;#FFFFFF&#8221; text_font_size=&#8221;34px&#8221; text_orientation=&#8221;center&#8221; custom_margin=&#8221;||77px|||&#8221; global_colors_info=&#8221;{}&#8221;]<\/p>\n<p>De rondleiding<\/p>\n<p>[\/et_pb_text][et_pb_gallery gallery_ids=&#8221;3125,3147,3211,3213,3205,3123,3135,3161,3165,3133,3145,3137,3175,3223,3217,3121,3215,3185,3209,3207,3201,3197,3187,3119,3181,3169,3179,3167,3159,3157,3143,3127,3153,3151,3149,3141,3139,3131&#8243; show_title_and_caption=&#8221;off&#8221; _builder_version=&#8221;4.23.1&#8243; _module_preset=&#8221;default&#8221; border_style_all_image=&#8221;none&#8221; box_shadow_style_image=&#8221;preset2&#8243; global_colors_info=&#8221;{}&#8221;][\/et_pb_gallery][\/et_pb_column][\/et_pb_row][\/et_pb_section][et_pb_section fb_built=&#8221;1&#8243; admin_label=&#8221;reserver&#8221; module_id=&#8221;reserveren&#8221; _builder_version=&#8221;4.23.1&#8243; _module_preset=&#8221;default&#8221; global_colors_info=&#8221;{}&#8221;][et_pb_row _builder_version=&#8221;4.23.1&#8243; _module_preset=&#8221;default&#8221; custom_margin=&#8221;36px|auto|23px|auto||&#8221; global_colors_info=&#8221;{}&#8221;][et_pb_column type=&#8221;4_4&#8243; _builder_version=&#8221;4.23.1&#8243; _module_preset=&#8221;default&#8221; global_colors_info=&#8221;{}&#8221;][et_pb_text _builder_version=&#8221;4.23.1&#8243; _module_preset=&#8221;default&#8221; text_font=&#8221;|600|||||||&#8221; text_text_color=&#8221;#0a0a0a&#8221; text_font_size=&#8221;41px&#8221; text_line_height=&#8221;1.1em&#8221; text_orientation=&#8221;center&#8221; locked=&#8221;off&#8221; global_colors_info=&#8221;{}&#8221;]<\/p>\n<p>Boek nu je verblijf!<\/p>\n<p>[\/et_pb_text][\/et_pb_column][\/et_pb_row][et_pb_row column_structure=&#8221;1_2,1_2&#8243; _builder_version=&#8221;4.23.1&#8243; _module_preset=&#8221;default&#8221; global_colors_info=&#8221;{}&#8221;][et_pb_column type=&#8221;1_2&#8243; _builder_version=&#8221;4.23.1&#8243; _module_preset=&#8221;default&#8221; global_colors_info=&#8221;{}&#8221;][et_pb_heading title=&#8221;Optie 1: Het Vakantiehuis&#8221; _builder_version=&#8221;4.23.1&#8243; _module_preset=&#8221;default&#8221; title_text_align=&#8221;center&#8221; global_colors_info=&#8221;{}&#8221;][\/et_pb_heading][et_pb_heading title=&#8221;Huur het hele huis&#8221; _builder_version=&#8221;4.23.1&#8243; _module_preset=&#8221;default&#8221; title_text_align=&#8221;center&#8221; title_font_size=&#8221;25px&#8221; custom_margin=&#8221;-25px||||false|false&#8221; global_colors_info=&#8221;{}&#8221;][\/et_pb_heading][et_pb_text _builder_version=&#8221;4.23.1&#8243; _module_preset=&#8221;default&#8221; text_text_color=&#8221;#0a0a0a&#8221; locked=&#8221;off&#8221; global_colors_info=&#8221;{}&#8221;]<\/p>\n<div class=\"s-item-title\">\n<div class=\"s-component s-text\">\n<div class=\"\">\n<div class=\"s-component-content s-font-heading\">\n<p class=\"p1\"><span class=\"Apple-tab-span\"> <\/span>\u2022<span class=\"Apple-tab-span\"> <\/span>4 op het zuiden gelegen kamers, elk met eigen badkamer, inloopdouche, toilet, wastafel en tv met internettoegang<\/p>\n<p class=\"p1\"><span class=\"Apple-tab-span\"> <\/span>\u2022<span class=\"Apple-tab-span\"> <\/span>Volledig uitgeruste keuken met koelkast, oven, magnetron, vaatwasser en alle benodigdheden om te koken<\/p>\n<p class=\"p1\"><span class=\"Apple-tab-span\"> <\/span>\u2022<span class=\"Apple-tab-span\"> <\/span>Grote woonkamer met piano en open haard<\/p>\n<p class=\"p1\"><span class=\"Apple-tab-span\"> <\/span>\u2022<span class=\"Apple-tab-span\"> <\/span>Groot terras op het zuiden met schommel<\/p>\n<p class=\"p1\"><span class=\"Apple-tab-span\"> <\/span>\u2022<span class=\"Apple-tab-span\"> <\/span>Natuurpark van 1,5 hectare om naar de rivier te wandelen<\/p>\n<p class=\"p1\"><span class=\"Apple-tab-span\"> <\/span>\u2022<span class=\"Apple-tab-span\"> <\/span>Grote priv\u00e9parking voor alle auto&#8217;s<\/p>\n<\/div>\n<\/div>\n<\/div>\n<\/div>\n<p>[\/et_pb_text][\/et_pb_column][et_pb_column type=&#8221;1_2&#8243; _builder_version=&#8221;4.23.1&#8243; _module_preset=&#8221;default&#8221; global_colors_info=&#8221;{}&#8221;][et_pb_heading title=&#8221;Optie 2: De Gastenkamers&#8221; _builder_version=&#8221;4.23.1&#8243; _module_preset=&#8221;default&#8221; title_text_align=&#8221;center&#8221; global_colors_info=&#8221;{}&#8221;][\/et_pb_heading][et_pb_heading title=&#8221;Huur een comfortabele kamer&#8221; _builder_version=&#8221;4.23.1&#8243; _module_preset=&#8221;default&#8221; title_text_align=&#8221;center&#8221; title_font_size=&#8221;25px&#8221; custom_margin=&#8221;-25px||||false|false&#8221; global_colors_info=&#8221;{}&#8221;][\/et_pb_heading][et_pb_text _builder_version=&#8221;4.23.1&#8243; _module_preset=&#8221;default&#8221; text_text_color=&#8221;#0a0a0a&#8221; locked=&#8221;off&#8221; global_colors_info=&#8221;{}&#8221;]<\/p>\n<div class=\"s-item-title\">\n<div class=\"s-component s-text\">\n<div class=\"\">\n<div class=\"s-component-content s-font-heading\">\n<p class=\"p1\"><span class=\"Apple-tab-span\"> <\/span>\u2022<span class=\"Apple-tab-span\"> <\/span>Op het zuiden gelegen kamers met eigen badkamer, inloopdouche, toilet, wastafel en tv met internettoegang<\/p>\n<p class=\"p1\"><span class=\"Apple-tab-span\"> <\/span>\u2022<span class=\"Apple-tab-span\"> <\/span>Toegang tot de gemeenschappelijke keuken om je maaltijden te bereiden<\/p>\n<p class=\"p1\"><span class=\"Apple-tab-span\"> <\/span>\u2022<span class=\"Apple-tab-span\"> <\/span>Gemeenschappelijke woonkamer met piano en open haard<\/p>\n<p class=\"p1\">\u2022<span class=\"Apple-tab-span\"><span> <\/span><\/span>Groot terras op het zuiden met schommel<\/p>\n<p class=\"p1\"><span class=\"Apple-tab-span\"><\/span>\u2022<span class=\"Apple-tab-span\"><span> <\/span><\/span>Natuurpark van 1,5 hectare om naar de rivier te wandelen<\/p>\n<p class=\"p1\"><span class=\"Apple-tab-span\"><\/span>\u2022<span class=\"Apple-tab-span\"><span> <\/span><\/span>Grote priv\u00e9parking voor alle auto&#8217;s<\/p>\n<\/div>\n<\/div>\n<\/div>\n<\/div>\n<p>[\/et_pb_text][\/et_pb_column][\/et_pb_row][et_pb_row _builder_version=&#8221;4.23.1&#8243; _module_preset=&#8221;default&#8221; global_colors_info=&#8221;{}&#8221;][et_pb_column type=&#8221;4_4&#8243; _builder_version=&#8221;4.23.1&#8243; _module_preset=&#8221;default&#8221; global_colors_info=&#8221;{}&#8221;][et_pb_button button_url=&#8221;https:\/\/tinyurl.com\/2auhunkm&#8221; button_text=&#8221;Nu boeken&#8221; button_alignment=&#8221;center&#8221; _builder_version=&#8221;4.23.1&#8243; _module_preset=&#8221;default&#8221; custom_button=&#8221;on&#8221; button_text_color=&#8221;#0a0000&#8243; button_bg_color=&#8221;#fffa00&#8243; button_border_width=&#8221;0px&#8221; button_font=&#8221;|700|||||||&#8221; button_use_icon=&#8221;off&#8221; custom_margin=&#8221;||12px|||&#8221; global_colors_info=&#8221;{}&#8221;][\/et_pb_button][\/et_pb_column][\/et_pb_row][et_pb_row column_structure=&#8221;1_2,1_2&#8243; _builder_version=&#8221;4.23.1&#8243; _module_preset=&#8221;default&#8221; global_colors_info=&#8221;{}&#8221;][et_pb_column type=&#8221;1_2&#8243; _builder_version=&#8221;4.23.1&#8243; _module_preset=&#8221;default&#8221; global_colors_info=&#8221;{}&#8221;][et_pb_text _builder_version=&#8221;4.23.1&#8243; _module_preset=&#8221;default&#8221; text_font=&#8221;|700|||||||&#8221; text_text_color=&#8221;#0a0a0a&#8221; text_font_size=&#8221;25px&#8221; text_orientation=&#8221;right&#8221; global_colors_info=&#8221;{}&#8221;]<\/p>\n<p style=\"text-align: center;\">De Kamer van Lorette<\/p>\n<p>[\/et_pb_text][et_pb_gallery gallery_ids=&#8221;3199,3195,3197,3201,3203,3205,3207,3191,3189&#8243; fullwidth=&#8221;on&#8221; _builder_version=&#8221;4.23.1&#8243; _module_preset=&#8221;default&#8221; module_alignment=&#8221;center&#8221; max_height=&#8221;400px&#8221; global_colors_info=&#8221;{}&#8221;][\/et_pb_gallery][et_pb_text _builder_version=&#8221;4.23.1&#8243; _module_preset=&#8221;default&#8221; text_text_color=&#8221;#0a0a0a&#8221; locked=&#8221;off&#8221; global_colors_info=&#8221;{}&#8221;]<\/p>\n<div class=\"s-item-title\">\n<div class=\"s-component s-text\">\n<div class=\"\">\n<div class=\"s-component-content s-font-heading\">\n<p class=\"p1\" style=\"text-align: justify;\"><strong>De kleinste maar heel schattig<\/strong>. Een gezellige kamer van 19 m\u00b2, op het zuiden gericht. Eigen badkamer met inloopdouche, zwevend toilet en grote flatscreen-tv met Chromecast. Toegang tot de gemeenschappelijke woonkamer en uitgeruste keuken.   <\/p>\n<\/div>\n<\/div>\n<\/div>\n<\/div>\n<p>[\/et_pb_text][\/et_pb_column][et_pb_column type=&#8221;1_2&#8243; _builder_version=&#8221;4.23.1&#8243; _module_preset=&#8221;default&#8221; global_colors_info=&#8221;{}&#8221;][et_pb_text _builder_version=&#8221;4.23.1&#8243; _module_preset=&#8221;default&#8221; text_font=&#8221;|700|||||||&#8221; text_text_color=&#8221;#0a0a0a&#8221; text_font_size=&#8221;25px&#8221; text_orientation=&#8221;right&#8221; global_colors_info=&#8221;{}&#8221;]<\/p>\n<p style=\"text-align: center;\">De Kamer van Ma\u00efa<\/p>\n<p>[\/et_pb_text][et_pb_gallery gallery_ids=&#8221;3173,3187,3183,3181,3185,3179,3177,3171&#8243; fullwidth=&#8221;on&#8221; _builder_version=&#8221;4.23.1&#8243; _module_preset=&#8221;default&#8221; module_alignment=&#8221;center&#8221; max_height=&#8221;400px&#8221; global_colors_info=&#8221;{}&#8221;][\/et_pb_gallery][et_pb_text _builder_version=&#8221;4.23.1&#8243; _module_preset=&#8221;default&#8221; text_text_color=&#8221;#0a0a0a&#8221; locked=&#8221;off&#8221; global_colors_info=&#8221;{}&#8221;]<\/p>\n<div class=\"s-item-title\">\n<div class=\"s-component s-text\">\n<div class=\"\">\n<div class=\"s-component-content s-font-heading\">\n<p class=\"p1\"><strong>2 grote ramen en groter dan de Kamer van Lorette.<\/strong>  Met zijn 21 m\u00b2 biedt deze lichte kamer op de eerste verdieping comfort en ruimte. Eigen badkamer, grote flatscreen-tv met Chromecast en internettoegang. Toegang tot de gemeenschappelijke woonkamer en uitgeruste keuken.  <\/p>\n<\/div>\n<\/div>\n<\/div>\n<\/div>\n<p>[\/et_pb_text][\/et_pb_column][\/et_pb_row][et_pb_row column_structure=&#8221;1_2,1_2&#8243; _builder_version=&#8221;4.23.1&#8243; _module_preset=&#8221;default&#8221; global_colors_info=&#8221;{}&#8221;][et_pb_column type=&#8221;1_2&#8243; _builder_version=&#8221;4.23.1&#8243; _module_preset=&#8221;default&#8221; global_colors_info=&#8221;{}&#8221;][et_pb_text _builder_version=&#8221;4.23.1&#8243; _module_preset=&#8221;default&#8221; text_font=&#8221;|700|||||||&#8221; text_text_color=&#8221;#0a0a0a&#8221; text_font_size=&#8221;25px&#8221; text_orientation=&#8221;right&#8221; global_colors_info=&#8221;{}&#8221;]<\/p>\n<p style=\"text-align: center;\">De Kamer van Juliette<\/p>\n<p>[\/et_pb_text][et_pb_gallery gallery_ids=&#8221;3211,3213,3217,3215,3219,3221,3223,3225,3227,3209&#8243; fullwidth=&#8221;on&#8221; _builder_version=&#8221;4.23.1&#8243; _module_preset=&#8221;default&#8221; module_alignment=&#8221;center&#8221; max_height=&#8221;400px&#8221; global_colors_info=&#8221;{}&#8221;][\/et_pb_gallery][et_pb_text _builder_version=&#8221;4.23.1&#8243; _module_preset=&#8221;default&#8221; text_text_color=&#8221;#0a0a0a&#8221; locked=&#8221;off&#8221; global_colors_info=&#8221;{}&#8221;]<\/p>\n<div class=\"s-item-title\">\n<div class=\"s-component s-text\">\n<div class=\"\">\n<div class=\"s-component-content s-font-heading\">\n<p class=\"p1\"><strong>Licht en groot tegelijk<\/strong>. Ruim 26 m\u00b2, op het zuiden gericht. Aparte eigen badkamer, inloopdouche, toilet en wastafel. Flatscreen-tv met Chromecast. Toegang tot de gemeenschappelijke woonkamer en uitgeruste keuken.    <\/p>\n<\/div>\n<\/div>\n<\/div>\n<\/div>\n<p>[\/et_pb_text][\/et_pb_column][et_pb_column type=&#8221;1_2&#8243; _builder_version=&#8221;4.23.1&#8243; _module_preset=&#8221;default&#8221; global_colors_info=&#8221;{}&#8221;][et_pb_text _builder_version=&#8221;4.23.1&#8243; _module_preset=&#8221;default&#8221; text_font=&#8221;|700|||||||&#8221; text_text_color=&#8221;#0a0a0a&#8221; text_font_size=&#8221;25px&#8221; text_orientation=&#8221;right&#8221; global_colors_info=&#8221;{}&#8221;]<\/p>\n<p style=\"text-align: center;\">De Kamer van Marius<\/p>\n<p>[\/et_pb_text][et_pb_gallery gallery_ids=&#8221;3157,3165,3159,3161,3163,3167,3169&#8243; fullwidth=&#8221;on&#8221; _builder_version=&#8221;4.23.1&#8243; _module_preset=&#8221;default&#8221; module_alignment=&#8221;center&#8221; max_height=&#8221;400px&#8221; global_colors_info=&#8221;{}&#8221;][\/et_pb_gallery][et_pb_text _builder_version=&#8221;4.23.1&#8243; _module_preset=&#8221;default&#8221; text_text_color=&#8221;#0a0a0a&#8221; locked=&#8221;off&#8221; global_colors_info=&#8221;{}&#8221;]<\/p>\n<div class=\"s-item-title\">\n<div class=\"s-component s-text\">\n<div class=\"\">\n<div class=\"s-component-content s-font-heading\">\n<p class=\"p1\"><strong>De grootste met priv\u00e9-ingang<\/strong> met bijna 26 m\u00b2. Eigen badkamer, apart toilet, inloopdouche en wastafel. Grote flatscreen-tv met Chromecast. Toegang tot de gemeenschappelijke woonkamer en uitgeruste keuken.   <\/p>\n<\/div>\n<\/div>\n<\/div>\n<\/div>\n<p>[\/et_pb_text][\/et_pb_column][\/et_pb_row][et_pb_row _builder_version=&#8221;4.23.1&#8243; _module_preset=&#8221;default&#8221; global_colors_info=&#8221;{}&#8221;][et_pb_column type=&#8221;4_4&#8243; _builder_version=&#8221;4.23.1&#8243; _module_preset=&#8221;default&#8221; global_colors_info=&#8221;{}&#8221;][et_pb_button button_url=&#8221;https:\/\/tinyurl.com\/2auhunkm&#8221; button_text=&#8221;Nu boeken&#8221; button_alignment=&#8221;center&#8221; _builder_version=&#8221;4.23.1&#8243; _module_preset=&#8221;default&#8221; custom_button=&#8221;on&#8221; button_text_color=&#8221;#0a0000&#8243; button_bg_color=&#8221;#fffa00&#8243; button_border_width=&#8221;0px&#8221; button_font=&#8221;|700|||||||&#8221; button_use_icon=&#8221;off&#8221; custom_margin=&#8221;||30px|||&#8221; global_colors_info=&#8221;{}&#8221;][\/et_pb_button][\/et_pb_column][\/et_pb_row][et_pb_row _builder_version=&#8221;4.23.1&#8243; _module_preset=&#8221;default&#8221; global_colors_info=&#8221;{}&#8221;][et_pb_column type=&#8221;4_4&#8243; _builder_version=&#8221;4.23.1&#8243; _module_preset=&#8221;default&#8221; global_colors_info=&#8221;{}&#8221;][\/et_pb_column][\/et_pb_row][\/et_pb_section][et_pb_section fb_built=&#8221;1&#8243; admin_label=&#8221;visiter&#8221; module_id=&#8221;bezoeken&#8221; _builder_version=&#8221;4.23.1&#8243; _module_preset=&#8221;default&#8221; background_image=&#8221;https:\/\/www.lamaisonfives.com\/wp-content\/uploads\/2023\/12\/plage.webp&#8221; min_height=&#8221;241px&#8221; custom_padding=&#8221;67px||15px|||&#8221; global_colors_info=&#8221;{}&#8221;][et_pb_row _builder_version=&#8221;4.23.1&#8243; _module_preset=&#8221;default&#8221; custom_margin=&#8221;11px|auto||auto||&#8221; global_colors_info=&#8221;{}&#8221;][et_pb_column type=&#8221;4_4&#8243; _builder_version=&#8221;4.23.1&#8243; _module_preset=&#8221;default&#8221; global_colors_info=&#8221;{}&#8221;][et_pb_text _builder_version=&#8221;4.23.1&#8243; _module_preset=&#8221;default&#8221; text_font=&#8221;|600|||||||&#8221; text_text_color=&#8221;#FFFFFF&#8221; text_font_size=&#8221;42px&#8221; text_line_height=&#8221;1.2em&#8221; text_orientation=&#8221;center&#8221; custom_margin=&#8221;||35px|||&#8221; text_text_shadow_style=&#8221;preset3&#8243; locked=&#8221;off&#8221; global_colors_info=&#8221;{}&#8221;]<\/p>\n<p><strong>In de buurt<\/strong> van La Maison Folia<\/p>\n<p>[\/et_pb_text][\/et_pb_column][\/et_pb_row][\/et_pb_section][et_pb_section fb_built=&#8221;1&#8243; _builder_version=&#8221;4.23.1&#8243; _module_preset=&#8221;default&#8221; global_colors_info=&#8221;{}&#8221;][et_pb_row _builder_version=&#8221;4.23.1&#8243; _module_preset=&#8221;default&#8221; global_colors_info=&#8221;{}&#8221;][et_pb_column type=&#8221;4_4&#8243; _builder_version=&#8221;4.23.1&#8243; _module_preset=&#8221;default&#8221; global_colors_info=&#8221;{}&#8221;][et_pb_text _builder_version=&#8221;4.23.1&#8243; _module_preset=&#8221;default&#8221; text_text_color=&#8221;#0a0a0a&#8221; text_orientation=&#8221;justified&#8221; locked=&#8221;off&#8221; global_colors_info=&#8221;{}&#8221;]Granville, Mont Saint-Michel, Agon-Coutainville of de stranden van D-day&#8230; Een uitzonderlijke toeristische plek, beroemd in Frankrijk om z&#8217;n strandzeilen, surfgolven en Moncey-oesters. Wat dit gebied zo bijzonder maakt, is de kustrivierr de Sienne, die op minder dan 1 km van Maison Folia stroomt en 10 km verderop in zee uitmondt. Een geweldig avontuur om te beleven met je partner, vrienden of familie!<br \/>\nHet dorpje Quettreville-sur-Sienne ligt op 2 kilometer afstand, waar je een bakker, dokter, apotheek, tabakswinkel, postkantoor, caf\u00e9s en restaurants kunt vinden&#8230;<\/p>\n<p>De zee ligt op 9 km afstand en is bereikbaar via landweggetjes. Je vindt er drukbezochte zandstranden zoals in Hauteville-sur-Mer of Agon-Coutainville, of meer ongerepte stranden zoals in Annoville. Bij eb trekt de zee zich terug en laat een strand van 2 km achter.[\/et_pb_text][\/et_pb_column][\/et_pb_row][et_pb_row _builder_version=&#8221;4.23.1&#8243; _module_preset=&#8221;default&#8221; custom_margin=&#8221;36px|auto|23px|auto||&#8221; custom_padding=&#8221;||17px|||&#8221; global_colors_info=&#8221;{}&#8221;][et_pb_column type=&#8221;4_4&#8243; _builder_version=&#8221;4.23.1&#8243; _module_preset=&#8221;default&#8221; global_colors_info=&#8221;{}&#8221;][et_pb_text _builder_version=&#8221;4.23.1&#8243; _module_preset=&#8221;default&#8221; text_font=&#8221;|600|||||||&#8221; text_text_color=&#8221;#0a0a0a&#8221; text_font_size=&#8221;41px&#8221; text_line_height=&#8221;1.2em&#8221; text_orientation=&#8221;center&#8221; locked=&#8221;off&#8221; global_colors_info=&#8221;{}&#8221;]<\/p>\n<p>Gidsen om de regio te verkennen<\/p>\n<p>[\/et_pb_text][\/et_pb_column][\/et_pb_row][et_pb_row _builder_version=&#8221;4.23.1&#8243; _module_preset=&#8221;default&#8221; custom_padding=&#8221;7px|||||&#8221; global_colors_info=&#8221;{}&#8221;][et_pb_column type=&#8221;4_4&#8243; _builder_version=&#8221;4.23.1&#8243; _module_preset=&#8221;default&#8221; global_colors_info=&#8221;{}&#8221;][et_pb_code _builder_version=&#8221;4.23.1&#8243; _module_preset=&#8221;default&#8221; global_colors_info=&#8221;{}&#8221; raw_content__hover_enabled=&#8221;on|desktop&#8221;][\/et_pb_code][\/et_pb_column][\/et_pb_row][et_pb_row column_structure=&#8221;1_3,1_3,1_3&#8243; _builder_version=&#8221;4.23.1&#8243; _module_preset=&#8221;default&#8221; global_colors_info=&#8221;{}&#8221;][et_pb_column type=&#8221;1_3&#8243; _builder_version=&#8221;4.23.1&#8243; _module_preset=&#8221;default&#8221; global_colors_info=&#8221;{}&#8221;][et_pb_text _builder_version=&#8221;4.23.1&#8243; _module_preset=&#8221;default&#8221; text_font=&#8221;|700|||||||&#8221; text_text_color=&#8221;#0a0a0a&#8221; text_font_size=&#8221;22px&#8221; text_orientation=&#8221;center&#8221; locked=&#8221;off&#8221; global_colors_info=&#8221;{}&#8221;]Alle praktische info in de Welkomstgids[\/et_pb_text][et_pb_text _builder_version=&#8221;4.23.1&#8243; _module_preset=&#8221;default&#8221; text_text_color=&#8221;#0a0a0a&#8221; text_orientation=&#8221;justified&#8221; custom_padding=&#8221;0px|||||&#8221; locked=&#8221;off&#8221; global_colors_info=&#8221;{}&#8221;]De aankomst- en vertrektijden, ontbijttijden, welke restaurants we aanraden en een selectie van plekken en activiteiten om te ontdekken rond LA MAISON FOLIA en in de regio.<\/p>\n<p>Je vindt al deze informatie op je telefoon, samen met links om direct contact met ons op te nemen.[\/et_pb_text][\/et_pb_column][et_pb_column type=&#8221;1_3&#8243; _builder_version=&#8221;4.23.1&#8243; _module_preset=&#8221;default&#8221; global_colors_info=&#8221;{}&#8221;][et_pb_text _builder_version=&#8221;4.23.1&#8243; _module_preset=&#8221;default&#8221; text_text_color=&#8221;#0a0a0a&#8221; text_orientation=&#8221;justified&#8221; custom_padding=&#8221;0px|||||&#8221; locked=&#8221;off&#8221; global_colors_info=&#8221;{}&#8221;]<\/p>\n<p>Klik of scan met je telefoon om <strong><a href=\"https:\/\/chatgpt.com\/g\/g-67af522ff71c8191bb5b5f4db43e5f62\">ONZE WELKOMSTGIDS<\/a><\/strong> te bekijken<\/p>\n<p>[\/et_pb_text][et_pb_image src=&#8221;https:\/\/www.lamaisonfives.com\/wp-content\/uploads\/2025\/03\/LaMaisonFolia-GPT.png&#8221; title_text=&#8221;LaMaisonFolia-GPT&#8221; url=&#8221;https:\/\/chatgpt.com\/g\/g-67af522ff71c8191bb5b5f4db43e5f62&#8243; url_new_window=&#8221;on&#8221; align=&#8221;center&#8221; _builder_version=&#8221;4.23.1&#8243; _module_preset=&#8221;default&#8221; global_colors_info=&#8221;{}&#8221;][\/et_pb_image][\/et_pb_column][et_pb_column type=&#8221;1_3&#8243; _builder_version=&#8221;4.23.1&#8243; _module_preset=&#8221;default&#8221; global_colors_info=&#8221;{}&#8221;][et_pb_image src=&#8221;https:\/\/www.lamaisonfives.com\/wp-content\/uploads\/2023\/12\/telephone.webp&#8221; title_text=&#8221;telephone&#8221; _builder_version=&#8221;4.23.1&#8243; _module_preset=&#8221;default&#8221; global_colors_info=&#8221;{}&#8221;][\/et_pb_image][\/et_pb_column][\/et_pb_row][et_pb_row column_structure=&#8221;1_3,1_3,1_3&#8243; _builder_version=&#8221;4.23.1&#8243; _module_preset=&#8221;default&#8221; global_colors_info=&#8221;{}&#8221;][et_pb_column type=&#8221;1_3&#8243; _builder_version=&#8221;4.23.1&#8243; _module_preset=&#8221;default&#8221; global_colors_info=&#8221;{}&#8221;][et_pb_text _builder_version=&#8221;4.23.1&#8243; _module_preset=&#8221;default&#8221; text_font=&#8221;|700|||||||&#8221; text_text_color=&#8221;#0a0a0a&#8221; text_font_size=&#8221;22px&#8221; text_orientation=&#8221;center&#8221; locked=&#8221;off&#8221; global_colors_info=&#8221;{}&#8221;]Ontdek de Havre de la Sienne per kano[\/et_pb_text][et_pb_text _builder_version=&#8221;4.23.1&#8243; _module_preset=&#8221;default&#8221; text_text_color=&#8221;#0a0a0a&#8221; text_orientation=&#8221;justified&#8221; custom_padding=&#8221;0px|||||&#8221; locked=&#8221;off&#8221; global_colors_info=&#8221;{}&#8221;]Beleef een onvergetelijke dag met vrienden of familie door de Sienne af te varen van Quettreville-sur-Sienne naar de zee bij Hauteville-sur-Mer. De tocht over de Sienne begint tussen de velden (2 uur varen), gaat door de prachtige Havre de la Sienne (2,5 uur varen) en eindigt in de zee bij Hauteville-sur-Mer.[\/et_pb_text][\/et_pb_column][et_pb_column type=&#8221;1_3&#8243; _builder_version=&#8221;4.23.1&#8243; _module_preset=&#8221;default&#8221; global_colors_info=&#8221;{}&#8221;][et_pb_text _builder_version=&#8221;4.23.1&#8243; _module_preset=&#8221;default&#8221; text_font=&#8221;|700|||||||&#8221; text_text_color=&#8221;#0a0a0a&#8221; text_font_size=&#8221;22px&#8221; text_orientation=&#8221;center&#8221; locked=&#8221;off&#8221; global_colors_info=&#8221;{}&#8221;]Wandelingen, tochten en toeristische plekken[\/et_pb_text][et_pb_text _builder_version=&#8221;4.23.1&#8243; _module_preset=&#8221;default&#8221; text_text_color=&#8221;#0a0a0a&#8221; text_orientation=&#8221;justified&#8221; custom_padding=&#8221;0px|||||&#8221; locked=&#8221;off&#8221; global_colors_info=&#8221;{}&#8221;]Honderden wandelingen en bezienswaardigheden rond Maison FOLIA staan vermeld op de website en app van CIRKWI: www.cirkwi.com[\/et_pb_text][\/et_pb_column][et_pb_column type=&#8221;1_3&#8243; _builder_version=&#8221;4.23.1&#8243; _module_preset=&#8221;default&#8221; global_colors_info=&#8221;{}&#8221;][et_pb_text _builder_version=&#8221;4.23.1&#8243; _module_preset=&#8221;default&#8221; text_font=&#8221;|700|||||||&#8221; text_text_color=&#8221;#0a0a0a&#8221; text_font_size=&#8221;22px&#8221; text_orientation=&#8221;center&#8221; locked=&#8221;off&#8221; global_colors_info=&#8221;{}&#8221;]Surfen, bodyboarden en watersport[\/et_pb_text][et_pb_text _builder_version=&#8221;4.23.1&#8243; _module_preset=&#8221;default&#8221; text_text_color=&#8221;#0a0a0a&#8221; text_orientation=&#8221;justified&#8221; custom_padding=&#8221;0px|||||&#8221; locked=&#8221;off&#8221; global_colors_info=&#8221;{}&#8221;]Siouville La Hague is een van de mooiste surfstranden van Normandi\u00eb. De surfclub ter plaatse verhuurt planken en wetsuits voor \u20ac20: www.cotentinsurfclub.com. We hebben een catamaran (newcat 16), als je ervaring hebt, kunnen we het erover hebben. Verder kun je catamarans, stand-up paddles en strandzeilers huren in Hauteville-sur-Mer. Meer info: www.anh-asso.fr .[\/et_pb_text][\/et_pb_column][\/et_pb_row][\/et_pb_section]<\/p>\n","protected":false},"excerpt":{"rendered":"<p>( La Maison Folia )- Vakantiehuisjes en Gastenkamers -Welkom bij La MaisonIn een typisch mooi huis uit Coutances word je ontvangen in een comfortabele gastenkamer met een eigentijds design voor een verblijf tussen land en zee. Als je op zoek bent naar meer onafhankelijkheid, kan ons huis ook gehuurd worden als vakantiehuis, met alle comfort [&hellip;]<\/p>\n","protected":false},"author":1,"featured_media":0,"parent":0,"menu_order":0,"comment_status":"closed","ping_status":"closed","template":"","meta":{"_et_pb_use_builder":"on","_et_pb_old_content":"","_et_gb_content_width":"","footnotes":""},"class_list":["post-4472","page","type-page","status-publish","hentry"],"yoast_head":"<!-- This site is optimized with the Yoast SEO plugin v25.2 - https:\/\/yoast.com\/wordpress\/plugins\/seo\/ -->\n<title>LA MAISON FOLIA - Het Gastenhuis in Normandi\u00eb<\/title>\n<meta name=\"robots\" content=\"index, follow, max-snippet:-1, max-image-preview:large, max-video-preview:-1\" \/>\n<link rel=\"canonical\" href=\"https:\/\/www.lamaisonfives.com\/nl\/la-maison-folia-het-gastenhuis-in-normandie\/\" \/>\n<meta property=\"og:locale\" content=\"nl_NL\" \/>\n<meta property=\"og:type\" content=\"article\" \/>\n<meta property=\"og:title\" content=\"LA MAISON FOLIA - Het Gastenhuis in Normandi\u00eb\" \/>\n<meta property=\"og:description\" content=\"( La Maison Folia )- Vakantiehuisjes en Gastenkamers -Welkom bij La MaisonIn een typisch mooi huis uit Coutances word je ontvangen in een comfortabele gastenkamer met een eigentijds design voor een verblijf tussen land en zee. Als je op zoek bent naar meer onafhankelijkheid, kan ons huis ook gehuurd worden als vakantiehuis, met alle comfort [&hellip;]\" \/>\n<meta property=\"og:url\" content=\"https:\/\/www.lamaisonfives.com\/nl\/la-maison-folia-het-gastenhuis-in-normandie\/\" \/>\n<meta property=\"og:site_name\" content=\"La Maison Fives\" \/>\n<meta property=\"article:publisher\" content=\"https:\/\/www.facebook.com\/lalitiere.co\" \/>\n<meta property=\"article:modified_time\" content=\"2025-06-12T08:27:27+00:00\" \/>\n<meta name=\"twitter:card\" content=\"summary_large_image\" \/>\n<meta name=\"twitter:label1\" content=\"Geschatte leestijd\" \/>\n\t<meta name=\"twitter:data1\" content=\"16 minuut\" \/>\n<script type=\"application\/ld+json\" class=\"yoast-schema-graph\">{\"@context\":\"https:\/\/schema.org\",\"@graph\":[{\"@type\":\"WebPage\",\"@id\":\"https:\/\/www.lamaisonfives.com\/nl\/la-maison-folia-het-gastenhuis-in-normandie\/\",\"url\":\"https:\/\/www.lamaisonfives.com\/nl\/la-maison-folia-het-gastenhuis-in-normandie\/\",\"name\":\"LA MAISON FOLIA - Het Gastenhuis in Normandi\u00eb\",\"isPartOf\":{\"@id\":\"https:\/\/www.lamaisonfives.com\/nl\/#website\"},\"datePublished\":\"2023-12-11T16:19:02+00:00\",\"dateModified\":\"2025-06-12T08:27:27+00:00\",\"breadcrumb\":{\"@id\":\"https:\/\/www.lamaisonfives.com\/nl\/la-maison-folia-het-gastenhuis-in-normandie\/#breadcrumb\"},\"inLanguage\":\"nl-NL\",\"potentialAction\":[{\"@type\":\"ReadAction\",\"target\":[\"https:\/\/www.lamaisonfives.com\/nl\/la-maison-folia-het-gastenhuis-in-normandie\/\"]}]},{\"@type\":\"BreadcrumbList\",\"@id\":\"https:\/\/www.lamaisonfives.com\/nl\/la-maison-folia-het-gastenhuis-in-normandie\/#breadcrumb\",\"itemListElement\":[{\"@type\":\"ListItem\",\"position\":1,\"name\":\"Accueil\",\"item\":\"https:\/\/www.lamaisonfives.com\/nl\/la-maison-fives-vijfkamerhotel-atelier-boetiek-lille-fives-cail\/\"},{\"@type\":\"ListItem\",\"position\":2,\"name\":\"LA MAISON FOLIA &#8211; Het Gastenhuis in Normandi\u00eb\"}]},{\"@type\":\"WebSite\",\"@id\":\"https:\/\/www.lamaisonfives.com\/nl\/#website\",\"url\":\"https:\/\/www.lamaisonfives.com\/nl\/\",\"name\":\"La Liti\u00e8re - Expressions & R\u00e9flexions\",\"description\":\"Five-Room Hotel &amp; Atelier-Boutique \u00e0 Lille Fives Cail\",\"publisher\":{\"@id\":\"https:\/\/www.lamaisonfives.com\/nl\/#organization\"},\"alternateName\":\"La Liti\u00e8re\",\"potentialAction\":[{\"@type\":\"SearchAction\",\"target\":{\"@type\":\"EntryPoint\",\"urlTemplate\":\"https:\/\/www.lamaisonfives.com\/nl\/?s={search_term_string}\"},\"query-input\":{\"@type\":\"PropertyValueSpecification\",\"valueRequired\":true,\"valueName\":\"search_term_string\"}}],\"inLanguage\":\"nl-NL\"},{\"@type\":\"Organization\",\"@id\":\"https:\/\/www.lamaisonfives.com\/nl\/#organization\",\"name\":\"La Liti\u00e8re - Expressions & R\u00e9flexions\",\"url\":\"https:\/\/www.lamaisonfives.com\/nl\/\",\"logo\":{\"@type\":\"ImageObject\",\"inLanguage\":\"nl-NL\",\"@id\":\"https:\/\/www.lamaisonfives.com\/nl\/#\/schema\/logo\/image\/\",\"url\":\"https:\/\/www.lamaisonfives.com\/wp-content\/uploads\/2023\/06\/cropped-logo-la-litiere2.png\",\"contentUrl\":\"https:\/\/www.lamaisonfives.com\/wp-content\/uploads\/2023\/06\/cropped-logo-la-litiere2.png\",\"width\":512,\"height\":512,\"caption\":\"La Liti\u00e8re - Expressions & R\u00e9flexions\"},\"image\":{\"@id\":\"https:\/\/www.lamaisonfives.com\/nl\/#\/schema\/logo\/image\/\"},\"sameAs\":[\"https:\/\/www.facebook.com\/lalitiere.co\"]}]}<\/script>\n<!-- \/ Yoast SEO plugin. -->","yoast_head_json":{"title":"LA MAISON FOLIA - Het Gastenhuis in Normandi\u00eb","robots":{"index":"index","follow":"follow","max-snippet":"max-snippet:-1","max-image-preview":"max-image-preview:large","max-video-preview":"max-video-preview:-1"},"canonical":"https:\/\/www.lamaisonfives.com\/nl\/la-maison-folia-het-gastenhuis-in-normandie\/","og_locale":"nl_NL","og_type":"article","og_title":"LA MAISON FOLIA - Het Gastenhuis in Normandi\u00eb","og_description":"( La Maison Folia )- Vakantiehuisjes en Gastenkamers -Welkom bij La MaisonIn een typisch mooi huis uit Coutances word je ontvangen in een comfortabele gastenkamer met een eigentijds design voor een verblijf tussen land en zee. Als je op zoek bent naar meer onafhankelijkheid, kan ons huis ook gehuurd worden als vakantiehuis, met alle comfort [&hellip;]","og_url":"https:\/\/www.lamaisonfives.com\/nl\/la-maison-folia-het-gastenhuis-in-normandie\/","og_site_name":"La Maison Fives","article_publisher":"https:\/\/www.facebook.com\/lalitiere.co","article_modified_time":"2025-06-12T08:27:27+00:00","twitter_card":"summary_large_image","twitter_misc":{"Geschatte leestijd":"16 minuut"},"schema":{"@context":"https:\/\/schema.org","@graph":[{"@type":"WebPage","@id":"https:\/\/www.lamaisonfives.com\/nl\/la-maison-folia-het-gastenhuis-in-normandie\/","url":"https:\/\/www.lamaisonfives.com\/nl\/la-maison-folia-het-gastenhuis-in-normandie\/","name":"LA MAISON FOLIA - Het Gastenhuis in Normandi\u00eb","isPartOf":{"@id":"https:\/\/www.lamaisonfives.com\/nl\/#website"},"datePublished":"2023-12-11T16:19:02+00:00","dateModified":"2025-06-12T08:27:27+00:00","breadcrumb":{"@id":"https:\/\/www.lamaisonfives.com\/nl\/la-maison-folia-het-gastenhuis-in-normandie\/#breadcrumb"},"inLanguage":"nl-NL","potentialAction":[{"@type":"ReadAction","target":["https:\/\/www.lamaisonfives.com\/nl\/la-maison-folia-het-gastenhuis-in-normandie\/"]}]},{"@type":"BreadcrumbList","@id":"https:\/\/www.lamaisonfives.com\/nl\/la-maison-folia-het-gastenhuis-in-normandie\/#breadcrumb","itemListElement":[{"@type":"ListItem","position":1,"name":"Accueil","item":"https:\/\/www.lamaisonfives.com\/nl\/la-maison-fives-vijfkamerhotel-atelier-boetiek-lille-fives-cail\/"},{"@type":"ListItem","position":2,"name":"LA MAISON FOLIA &#8211; Het Gastenhuis in Normandi\u00eb"}]},{"@type":"WebSite","@id":"https:\/\/www.lamaisonfives.com\/nl\/#website","url":"https:\/\/www.lamaisonfives.com\/nl\/","name":"La Liti\u00e8re - Expressions & R\u00e9flexions","description":"Five-Room Hotel &amp; Atelier-Boutique \u00e0 Lille Fives Cail","publisher":{"@id":"https:\/\/www.lamaisonfives.com\/nl\/#organization"},"alternateName":"La Liti\u00e8re","potentialAction":[{"@type":"SearchAction","target":{"@type":"EntryPoint","urlTemplate":"https:\/\/www.lamaisonfives.com\/nl\/?s={search_term_string}"},"query-input":{"@type":"PropertyValueSpecification","valueRequired":true,"valueName":"search_term_string"}}],"inLanguage":"nl-NL"},{"@type":"Organization","@id":"https:\/\/www.lamaisonfives.com\/nl\/#organization","name":"La Liti\u00e8re - Expressions & R\u00e9flexions","url":"https:\/\/www.lamaisonfives.com\/nl\/","logo":{"@type":"ImageObject","inLanguage":"nl-NL","@id":"https:\/\/www.lamaisonfives.com\/nl\/#\/schema\/logo\/image\/","url":"https:\/\/www.lamaisonfives.com\/wp-content\/uploads\/2023\/06\/cropped-logo-la-litiere2.png","contentUrl":"https:\/\/www.lamaisonfives.com\/wp-content\/uploads\/2023\/06\/cropped-logo-la-litiere2.png","width":512,"height":512,"caption":"La Liti\u00e8re - Expressions & R\u00e9flexions"},"image":{"@id":"https:\/\/www.lamaisonfives.com\/nl\/#\/schema\/logo\/image\/"},"sameAs":["https:\/\/www.facebook.com\/lalitiere.co"]}]}},"jetpack_sharing_enabled":true,"_links":{"self":[{"href":"https:\/\/www.lamaisonfives.com\/nl\/wp-json\/wp\/v2\/pages\/4472","targetHints":{"allow":["GET"]}}],"collection":[{"href":"https:\/\/www.lamaisonfives.com\/nl\/wp-json\/wp\/v2\/pages"}],"about":[{"href":"https:\/\/www.lamaisonfives.com\/nl\/wp-json\/wp\/v2\/types\/page"}],"author":[{"embeddable":true,"href":"https:\/\/www.lamaisonfives.com\/nl\/wp-json\/wp\/v2\/users\/1"}],"replies":[{"embeddable":true,"href":"https:\/\/www.lamaisonfives.com\/nl\/wp-json\/wp\/v2\/comments?post=4472"}],"version-history":[{"count":9,"href":"https:\/\/www.lamaisonfives.com\/nl\/wp-json\/wp\/v2\/pages\/4472\/revisions"}],"predecessor-version":[{"id":4498,"href":"https:\/\/www.lamaisonfives.com\/nl\/wp-json\/wp\/v2\/pages\/4472\/revisions\/4498"}],"wp:attachment":[{"href":"https:\/\/www.lamaisonfives.com\/nl\/wp-json\/wp\/v2\/media?parent=4472"}],"curies":[{"name":"wp","href":"https:\/\/api.w.org\/{rel}","templated":true}]}}